{"id":11,"date":"2026-02-23T11:15:28","date_gmt":"2026-02-23T11:15:28","guid":{"rendered":"https:\/\/sondages.arinfo.fr\/?page_id=11"},"modified":"2026-03-02T15:31:51","modified_gmt":"2026-03-02T15:31:51","slug":"sondage-epec","status":"publish","type":"page","link":"https:\/\/sondages.arinfo.fr\/","title":{"rendered":"sondage-epec"},"content":{"rendered":"\t\t<div data-elementor-type=\"wp-page\" data-elementor-id=\"11\" class=\"elementor elementor-11\">\n\t\t\t\t<div class=\"elementor-element elementor-element-9f269bb e-con-full e-flex e-con e-parent\" data-id=\"9f269bb\" data-element_type=\"container\" data-e-type=\"container\">\n\t\t<div class=\"elementor-element elementor-element-0528c66 e-con-full e-flex e-con e-child\" data-id=\"0528c66\" data-element_type=\"container\" data-e-type=\"container\">\n\t\t<div class=\"elementor-element elementor-element-7466a9c e-con-full e-flex e-con e-child\" data-id=\"7466a9c\" data-element_type=\"container\" data-e-type=\"container\">\n\t\t\t\t<div class=\"elementor-element elementor-element-82adbd8 elementor-widget elementor-widget-image\" data-id=\"82adbd8\" data-element_type=\"widget\" data-e-type=\"widget\" data-widget_type=\"image.default\">\n\t\t\t\t\t\t\t\t\t\t\t\t\t\t\t<img decoding=\"async\" width=\"300\" height=\"79\" src=\"https:\/\/sondages.arinfo.fr\/wp-content\/uploads\/2026\/02\/Logo-EPEC-300x79.png\" class=\"attachment-medium size-medium wp-image-20\" alt=\"EPEC-logo\" srcset=\"https:\/\/sondages.arinfo.fr\/wp-content\/uploads\/2026\/02\/Logo-EPEC-300x79.png 300w, https:\/\/sondages.arinfo.fr\/wp-content\/uploads\/2026\/02\/Logo-EPEC.png 592w\" sizes=\"(max-width: 300px) 100vw, 300px\" \/>\t\t\t\t\t\t\t\t\t\t\t\t\t\t\t<\/div>\n\t\t\t\t<div class=\"elementor-element elementor-element-7340083 elementor-widget elementor-widget-text-editor\" data-id=\"7340083\" data-element_type=\"widget\" data-e-type=\"widget\" data-widget_type=\"text-editor.default\">\n\t\t\t\t\t\t\t\t\t<p><strong>X<\/strong><\/p>\t\t\t\t\t\t\t\t<\/div>\n\t\t\t\t<div class=\"elementor-element elementor-element-41d78c0 elementor-widget elementor-widget-image\" data-id=\"41d78c0\" data-element_type=\"widget\" data-e-type=\"widget\" data-widget_type=\"image.default\">\n\t\t\t\t\t\t\t\t\t\t\t\t\t\t\t<img decoding=\"async\" width=\"300\" height=\"108\" src=\"https:\/\/sondages.arinfo.fr\/wp-content\/uploads\/2026\/02\/Arinfo-logos-RVB_H_baseline_COUL-300x108.png\" class=\"attachment-medium size-medium wp-image-21\" alt=\"arinfo-logo\" srcset=\"https:\/\/sondages.arinfo.fr\/wp-content\/uploads\/2026\/02\/Arinfo-logos-RVB_H_baseline_COUL-300x108.png 300w, https:\/\/sondages.arinfo.fr\/wp-content\/uploads\/2026\/02\/Arinfo-logos-RVB_H_baseline_COUL.png 738w\" sizes=\"(max-width: 300px) 100vw, 300px\" \/>\t\t\t\t\t\t\t\t\t\t\t\t\t\t\t<\/div>\n\t\t\t\t<\/div>\n\t\t\t\t<div class=\"elementor-element elementor-element-c50e3b5 elementor-widget elementor-widget-heading\" data-id=\"c50e3b5\" data-element_type=\"widget\" data-e-type=\"widget\" data-widget_type=\"heading.default\">\n\t\t\t\t\t<h2 class=\"elementor-heading-title elementor-size-default\">Manifestation d'int\u00e9r\u00eat<\/h2>\t\t\t\t<\/div>\n\t\t\t\t<div class=\"elementor-element elementor-element-7ea69c7 elementor-widget elementor-widget-text-editor\" data-id=\"7ea69c7\" data-element_type=\"widget\" data-e-type=\"widget\" data-widget_type=\"text-editor.default\">\n\t\t\t\t\t\t\t\t\t<p>Bonjour,<\/p><p>Dans le cadre du renouvellement de notre <b>partenariat avec l\u2019EPEC<\/b>, Arinfo poursuit son engagement en faveur d\u2019une insertion professionnelle \u00e0 la fois responsable et performante.<\/p><p>Nous proposons <b>12 titres professionnels, inscrits au RNCP et certifi\u00e9s par le Minist\u00e8re du Travail et de l\u2019Emploi<\/b>, permettant de <b>r\u00e9pondre efficacement \u00e0 vos besoins en recrutement en alternance<\/b>. En amont, une\u00a0<a href=\"https:\/\/www.francetravail.fr\/candidat\/en-formation\/mes-aides-financieres\/la-preparation-operationnelle-a.html\" target=\"_blank\" rel=\"noopener\">POE<\/a>\u00a0(Pr\u00e9paration Op\u00e9rationnelle \u00e0 l\u2019Emploi), mise en \u0153uvre avec le soutien de\u00a0<a href=\"https:\/\/www.francetravail.fr\/accueil\/\" target=\"_blank\" rel=\"noopener\">France Travail<\/a>, vient s\u00e9curiser les parcours et favoriser une int\u00e9gration r\u00e9ussie des futurs alternants.<\/p><p>En lien \u00e9troit avec l\u2019<a href=\"https:\/\/www.epec.paris\/\" target=\"_blank\" rel=\"noopener\">EPEC<\/a>, ces dispositifs contribuent \u00e9galement au respect de la\u00a0<a href=\"https:\/\/www.epec.paris\/pole-clauses-sociales-de-paris\" target=\"_blank\" rel=\"noopener\">clause d\u2019insertion<\/a>, avec une validation individuelle de l\u2019\u00e9ligibilit\u00e9 des candidats.<\/p><p><b>Pourquoi cela peut vous int\u00e9resser ?<\/b><br \/>\u2013 R\u00e9pondre \u00e0 vos obligations d\u2019insertion tout en renfor\u00e7ant vos \u00e9quipes<br \/>\u2013 B\u00e9n\u00e9ficier de profils qualifi\u00e9s et op\u00e9rationnels<br \/>\u2013 S\u00e9curiser vos recrutements gr\u00e2ce \u00e0 un parcours pr\u00e9paratoire encadr\u00e9<\/p><p>Les formations sont dispens\u00e9es en\u00a0<a href=\"https:\/\/arinfo.fr\/pedagogie#en-distanciel_t%C3%A9l%C3%A9pr%C3%A9sentiel\" target=\"_blank\" rel=\"noopener\">t\u00e9l\u00e9pr\u00e9sentiel<\/a>, facilitant l\u2019acc\u00e8s au dispositif tout en garantissant un rattachement p\u00e9dagogique \u00e0 notre \u00e9tablissement ARINFO Paris.<\/p><p>Nous restons \u00e0 votre disposition pour \u00e9changer sur vos besoins et vous pr\u00e9senter les modalit\u00e9s applicables, ainsi que celles de\u00a0<a style=\"background-color: #ffffff;\" href=\"https:\/\/arinfo.fr\/contactez-nous\" target=\"_blank\" rel=\"noopener\">nos autres campus.<\/a><\/p>\t\t\t\t\t\t\t\t<\/div>\n\t\t\t\t<div class=\"elementor-element elementor-element-5d630cb elementor-widget elementor-widget-heading\" data-id=\"5d630cb\" data-element_type=\"widget\" data-e-type=\"widget\" data-widget_type=\"heading.default\">\n\t\t\t\t\t<h1 class=\"elementor-heading-title elementor-size-default\">Le parcours de la POE<\/h1>\t\t\t\t<\/div>\n\t\t<div class=\"elementor-element elementor-element-8719a2f e-flex e-con-boxed e-con e-child\" data-id=\"8719a2f\" data-element_type=\"container\" data-e-type=\"container\" data-settings=\"{&quot;background_background&quot;:&quot;gradient&quot;}\">\n\t\t\t\t\t<div class=\"e-con-inner\">\n\t\t\t\t<div class=\"elementor-element elementor-element-2200a20 elementor-widget elementor-widget-text-editor\" data-id=\"2200a20\" data-element_type=\"widget\" data-e-type=\"widget\" data-widget_type=\"text-editor.default\">\n\t\t\t\t\t\t\t\t\t<p><b>Il se d\u00e9roulera du 7 septembre au 2 octobre 2026 (140h)<\/b><\/p>\t\t\t\t\t\t\t\t<\/div>\n\t\t\t\t<div class=\"elementor-element elementor-element-9dafa16 elementor-widget elementor-widget-text-editor\" data-id=\"9dafa16\" data-element_type=\"widget\" data-e-type=\"widget\" data-widget_type=\"text-editor.default\">\n\t\t\t\t\t\t\t\t\t<p><i>Comp\u00e9tences vis\u00e9es : remise \u00e0 niveau en techniques b\u00e2timent, d\u00e9couverte des logiciels CAO\/DAO (AutoCAD, Revit\u2026), travail sur le savoir-\u00eatre, veille technologique architecture, valorisation de ses comp\u00e9tences en b\u00e2timent.<\/i><\/p>\t\t\t\t\t\t\t\t<\/div>\n\t\t\t\t<div class=\"elementor-element elementor-element-7d3d6da elementor-widget__width-inherit elementor-widget elementor-widget-heading\" data-id=\"7d3d6da\" data-element_type=\"widget\" data-e-type=\"widget\" data-widget_type=\"heading.default\">\n\t\t\t\t\t<h2 class=\"elementor-heading-title elementor-size-default\">T\u00e9l\u00e9charger les ressources de la POE :<\/h2>\t\t\t\t<\/div>\n\t\t<div class=\"elementor-element elementor-element-4864da5 e-con-full e-flex e-con e-child\" data-id=\"4864da5\" data-element_type=\"container\" data-e-type=\"container\">\n\t\t\t\t<div class=\"elementor-element elementor-element-6832b14 elementor-widget elementor-widget-button\" data-id=\"6832b14\" data-element_type=\"widget\" data-e-type=\"widget\" data-widget_type=\"button.default\">\n\t\t\t\t\t\t\t\t\t\t<a class=\"elementor-button elementor-button-link elementor-size-sm\" href=\"https:\/\/formation-inter-entreprise.arinfo.fr\/plaquette-dessinateur-CAO\">\n\t\t\t\t\t\t<span class=\"elementor-button-content-wrapper\">\n\t\t\t\t\t\t\t\t\t<span class=\"elementor-button-text\">Consulter le programme de la POE<\/span>\n\t\t\t\t\t<\/span>\n\t\t\t\t\t<\/a>\n\t\t\t\t\t\t\t\t<\/div>\n\t\t\t\t<div class=\"elementor-element elementor-element-05a6c44 elementor-widget elementor-widget-button\" data-id=\"05a6c44\" data-element_type=\"widget\" data-e-type=\"widget\" data-widget_type=\"button.default\">\n\t\t\t\t\t\t\t\t\t\t<a class=\"elementor-button elementor-button-link elementor-size-sm\" href=\"https:\/\/formation-inter-entreprise.arinfo.fr\/planning-POE-CAO\">\n\t\t\t\t\t\t<span class=\"elementor-button-content-wrapper\">\n\t\t\t\t\t\t\t\t\t<span class=\"elementor-button-text\">T\u00e9l\u00e9charger le planning de la POE<\/span>\n\t\t\t\t\t<\/span>\n\t\t\t\t\t<\/a>\n\t\t\t\t\t\t\t\t<\/div>\n\t\t\t\t<\/div>\n\t\t\t\t\t<\/div>\n\t\t\t\t<\/div>\n\t\t\t\t<div class=\"elementor-element elementor-element-b42797b blue-text elementor-widget elementor-widget-text-editor\" data-id=\"b42797b\" data-element_type=\"widget\" data-e-type=\"widget\" data-widget_type=\"text-editor.default\">\n\t\t\t\t\t\t\t\t\t<p>\u00c0 l&rsquo;issue de la POE, 4 parcours en alternance s&rsquo;offrent \u00e0 vous pour poursuivre et consolider le projet professionnel dans <strong>le domaine du b\u00e2timent<\/strong>.<\/p>\t\t\t\t\t\t\t\t<\/div>\n\t\t\t\t<div class=\"elementor-element elementor-element-bb8e1f6 eael-contact-form-7-button-align-left eael-contact-form-7-button-custom elementor-widget elementor-widget-eael-contact-form-7\" data-id=\"bb8e1f6\" data-element_type=\"widget\" data-e-type=\"widget\" data-widget_type=\"eael-contact-form-7.default\">\n\t\t\t\t\t<div class=\"eael-contact-form-7-wrapper\">\n                <div class=\"eael-contact-form eael-contact-form-7 eael-contact-form-bb8e1f6 placeholder-show eael-contact-form-align-default\">\n<div class=\"wpcf7 no-js\" id=\"wpcf7-f128-o1\" lang=\"fr-FR\" dir=\"ltr\" data-wpcf7-id=\"128\">\n<div class=\"screen-reader-response\"><p role=\"status\" aria-live=\"polite\" aria-atomic=\"true\"><\/p> <ul><\/ul><\/div>\n<form action=\"\/index.php?rest_route=%2Fwp%2Fv2%2Fpages%2F11#wpcf7-f128-o1\" method=\"post\" class=\"wpcf7-form init\" aria-label=\"Formulaire de contact\" novalidate=\"novalidate\" data-status=\"init\">\n<fieldset class=\"hidden-fields-container\"><input type=\"hidden\" name=\"_wpcf7\" value=\"128\" \/><input type=\"hidden\" name=\"_wpcf7_version\" value=\"6.1.5\" \/><input type=\"hidden\" name=\"_wpcf7_locale\" value=\"fr_FR\" \/><input type=\"hidden\" name=\"_wpcf7_unit_tag\" value=\"wpcf7-f128-o1\" \/><input type=\"hidden\" name=\"_wpcf7_container_post\" value=\"0\" \/><input type=\"hidden\" name=\"_wpcf7_posted_data_hash\" value=\"\" \/>\n<\/fieldset>\n<div class=\"formations-wrapper\">\n\n <!-- FORMATION 1 -->\n\t<div class=\"formation-card\" style=\"background: #ffffff;\">\n\t\t<h2 class=\"formation-title\">Technicien d'\u00e9tudes du b\u00e2timent en dessin de projet\n\t\t<\/h2>\n\t\t<div class=\"formation-level\">\n\t\t\t<p>Niveau 4 \u00e9quiv Bac\n\t\t\t<\/p>\n\t\t<\/div>\n\t\t<div class=\"formation-links\">\n\t\t\t<p><a href=\"https:\/\/formation-inter-entreprise.arinfo.fr\/formation-TEBDP\" target=\"_blank\">\ud83d\udcc4Programme formation<\/a><a href=\"https:\/\/formation-inter-entreprise.arinfo.fr\/planning-TEBDP\" target=\"_blank\">\ud83d\udcc5Planning formation<\/a>\n\t\t\t<\/p>\n\t\t<\/div>\n\t\t<div class=\"formation-field\">\n\t\t\t<p><label>J'ai un projet de recrutement <\/label><span class=\"wpcf7-form-control-wrap\" data-name=\"projet-1\"><span class=\"wpcf7-form-control wpcf7-radio\"><span class=\"wpcf7-list-item first\"><label><input type=\"radio\" name=\"projet-1\" value=\"Oui\" checked=\"checked\" \/><span class=\"wpcf7-list-item-label\">Oui<\/span><\/label><\/span><span class=\"wpcf7-list-item last\"><label><input type=\"radio\" name=\"projet-1\" value=\"Non\" \/><span class=\"wpcf7-list-item-label\">Non<\/span><\/label><\/span><\/span><\/span>\n\t\t\t<\/p>\n\t\t<\/div>\n\t\t<div class=\"formation-field\">\n\t\t\t<p><label>Nombre de recrutements envisag\u00e9s :<\/label><br \/>\n<span class=\"wpcf7-form-control-wrap\" data-name=\"nombre-1\"><input class=\"wpcf7-form-control wpcf7-number wpcf7-validates-as-number\" min=\"0\" aria-invalid=\"false\" placeholder=\"Ex : 1\" value=\"\" type=\"number\" name=\"nombre-1\" \/><\/span>\n\t\t\t<\/p>\n\t\t<\/div>\n\t<\/div>\n\n\n <!-- FORMATION 2 -->\n\t<div class=\"formation-card\" style=\"background: #ffffff;\">\n\t\t<h2 class=\"formation-title\">Technicien d'\u00e9tudes en agencement int\u00e9rieur\n\t\t<\/h2>\n\t\t<div class=\"formation-level\" style=\"margin-top: 30px;\">\n\t\t\t<p>Niveau 4 \u00e9quiv Bac\n\t\t\t<\/p>\n\t\t<\/div>\n\t\t<div class=\"formation-links\">\n\t\t\t<p><a href=\"https:\/\/formation-inter-entreprise.arinfo.fr\/formation-TEAI\" target=\"_blank\">\ud83d\udcc4Programme formation<\/a><a href=\"https:\/\/formation-inter-entreprise.arinfo.fr\/planning-TEAI\" target=\"_blank\">\ud83d\udcc5Planning formation<\/a>\n\t\t\t<\/p>\n\t\t<\/div>\n\t\t<div class=\"formation-field\">\n\t\t\t<p><label>J'ai un projet de recrutement<\/label><span class=\"wpcf7-form-control-wrap\" data-name=\"projet-2\"><span class=\"wpcf7-form-control wpcf7-radio\"><span class=\"wpcf7-list-item first\"><label><input type=\"radio\" name=\"projet-2\" value=\"Oui\" \/><span class=\"wpcf7-list-item-label\">Oui<\/span><\/label><\/span><span class=\"wpcf7-list-item last\"><label><input type=\"radio\" name=\"projet-2\" value=\"Non\" \/><span class=\"wpcf7-list-item-label\">Non<\/span><\/label><\/span><\/span><\/span>\n\t\t\t<\/p>\n\t\t<\/div>\n\t\t<div class=\"formation-field\">\n\t\t\t<p><label>Nombre de recrutements envisag\u00e9s :<\/label><br \/>\n<span class=\"wpcf7-form-control-wrap\" data-name=\"nombre-2\"><input class=\"wpcf7-form-control wpcf7-number wpcf7-validates-as-number\" min=\"0\" aria-invalid=\"false\" value=\"\" type=\"number\" name=\"nombre-2\" \/><\/span>\n\t\t\t<\/p>\n\t\t<\/div>\n\t<\/div>\n\n\n <!-- FORMATION 3 -->\n\t<div class=\"formation-card\" style=\"background: #ffffff;\">\n\t\t<h2 class=\"formation-title\">BIM modeleur\n\t\t<\/h2>\n\t\t<div class=\"formation-level\" style=\"margin-top: 50px;\">\n\t\t\t<p>Niveau 5 \u00e9quiv Bac+2\n\t\t\t<\/p>\n\t\t<\/div>\n\t\t<div class=\"formation-links\">\n\t\t\t<p><a href=\"https:\/\/formation-inter-entreprise.arinfo.fr\/formation-BIMOD\" target=\"_blank\">\ud83d\udcc4Programme formation<\/a><a href=\"https:\/\/formation-inter-entreprise.arinfo.fr\/planning-BIMOD\" target=\"_blank\">\ud83d\udcc5Planning formation<\/a>\n\t\t\t<\/p>\n\t\t<\/div>\n\t\t<div class=\"formation-field\">\n\t\t\t<p><label>J'ai un projet de recrutement<\/label><span class=\"wpcf7-form-control-wrap\" data-name=\"projet-3\"><span class=\"wpcf7-form-control wpcf7-radio\"><span class=\"wpcf7-list-item first\"><label><input type=\"radio\" name=\"projet-3\" value=\"Oui\" \/><span class=\"wpcf7-list-item-label\">Oui<\/span><\/label><\/span><span class=\"wpcf7-list-item last\"><label><input type=\"radio\" name=\"projet-3\" value=\"Non\" \/><span class=\"wpcf7-list-item-label\">Non<\/span><\/label><\/span><\/span><\/span>\n\t\t\t<\/p>\n\t\t<\/div>\n\t\t<div class=\"formation-field\">\n\t\t\t<p><label>Nombre de recrutements envisag\u00e9s :<\/label><br \/>\n<span class=\"wpcf7-form-control-wrap\" data-name=\"nombre-3\"><input class=\"wpcf7-form-control wpcf7-number wpcf7-validates-as-number\" min=\"0\" aria-invalid=\"false\" value=\"\" type=\"number\" name=\"nombre-3\" \/><\/span>\n\t\t\t<\/p>\n\t\t<\/div>\n\t<\/div>\n\n\n <!-- FORMATION 4 -->\n\t<div class=\"formation-card\" style=\"background: #ffffff;\">\n\t\t<h2 class=\"formation-title\">Coordinateur BIM\n\t\t<\/h2>\n\t\t<div class=\"formation-level\" style=\"margin-top: 50px;\">\n\t\t\t<p>Niveau 6 \u00e9quiv Bac+3\/4\n\t\t\t<\/p>\n\t\t<\/div>\n\t\t<div class=\"formation-links\">\n\t\t\t<p><a href=\"https:\/\/formation-inter-entreprise.arinfo.fr\/formation-COBIM\" target=\"_blank\">\ud83d\udcc4Programme formation<\/a><a href=\"https:\/\/formation-inter-entreprise.arinfo.fr\/planning-COBIM\" target=\"_blank\">\ud83d\udcc5Planning formation<\/a>\n\t\t\t<\/p>\n\t\t<\/div>\n\t\t<div class=\"formation-field\">\n\t\t\t<p><label>J'ai un projet de recrutement<\/label><span class=\"wpcf7-form-control-wrap\" data-name=\"projet-4\"><span class=\"wpcf7-form-control wpcf7-radio\"><span class=\"wpcf7-list-item first\"><label><input type=\"radio\" name=\"projet-4\" value=\"Oui\" \/><span class=\"wpcf7-list-item-label\">Oui<\/span><\/label><\/span><span class=\"wpcf7-list-item last\"><label><input type=\"radio\" name=\"projet-4\" value=\"Non\" \/><span class=\"wpcf7-list-item-label\">Non<\/span><\/label><\/span><\/span><\/span>\n\t\t\t<\/p>\n\t\t<\/div>\n\t\t<div class=\"formation-field\">\n\t\t\t<p><label>Nombre de recrutements envisag\u00e9s :<\/label><br \/>\n<span class=\"wpcf7-form-control-wrap\" data-name=\"nombre-4\"><input class=\"wpcf7-form-control wpcf7-number wpcf7-validates-as-number\" min=\"0\" aria-invalid=\"false\" value=\"\" type=\"number\" name=\"nombre-4\" \/><\/span>\n\t\t\t<\/p>\n\t\t<\/div>\n\t<\/div>\n<\/div>\n<div class=\"formations-infos\">\n\t<p> Les co\u00fbts p\u00e9dagogiques sont int\u00e9gralement pris en charge par l\u2019OPCO, sans reste \u00e0 charge, ni pour l\u2019entreprise, ni pour le candidat (hors participation obligatoire de 750\u20ac fix\u00e9e par l\u2019\u00c9tat pour les formations BAC+3). Les parcours sont \u00e9galement \u00e9ligibles aux aides de l\u2019\u00c9tat.\n\t<\/p>\n<\/div>\n<div class=\"domaines-wrapper\">\n\t<h2 class=\"domaines-main-title\"><br \/>\nParall\u00e8lement \u00e0 ce projet, nous intervenons dans 3 autres domaines :\n\t<\/h2>\n\t<div class=\"domaines-grid\">\n\n <!-- DOMAINE 1 -->\n\t\t<div class=\"domaine-card\" style=\"background-color: #ed6d63;\">\n\t\t\t<h3 class=\"domaine-title\">Domaine de la communication\n\t\t\t<\/h3>\n\t\t\t<p class=\"domaine-text\"> Notre domaine forme des cr\u00e9atifs capables de concevoir des visuels, des interfaces et des contenus audiovisuels pour transmettre des messages clairs et impactants.\n\t\t\t<\/p>\n\t\t\t<div class=\"domaine-question\">\n\t\t\t\t<p><strong>Quelles formations vous int\u00e9resseraient ?<\/strong><span class=\"wpcf7-form-control-wrap\" data-name=\"domaine-communication\"><span class=\"wpcf7-form-control wpcf7-checkbox\"><span class=\"wpcf7-list-item first\"><label><input type=\"checkbox\" name=\"domaine-communication[]\" value=\"Graphiste (niveau 5 \u00e9quiv Bac+2)\" \/><span class=\"wpcf7-list-item-label\">Graphiste (niveau 5 \u00e9quiv Bac+2)<\/span><\/label><\/span><span class=\"wpcf7-list-item\"><label><input type=\"checkbox\" name=\"domaine-communication[]\" value=\"Monteur Audiovisuel (niveau 5 \u00e9quiv Bac+2)\" \/><span class=\"wpcf7-list-item-label\">Monteur Audiovisuel (niveau 5 \u00e9quiv Bac+2)<\/span><\/label><\/span><span class=\"wpcf7-list-item last\"><label><input type=\"checkbox\" name=\"domaine-communication[]\" value=\"Concepteur Designer UI (niveau 6 \u00e9quiv Bac+3)\" \/><span class=\"wpcf7-list-item-label\">Concepteur Designer UI (niveau 6 \u00e9quiv Bac+3)<\/span><\/label><\/span><\/span><\/span>\n\t\t\t\t<\/p>\n\t\t\t<\/div>\n\t\t<\/div>\n\n <!-- DOMAINE 2 -->\n\t\t<div class=\"domaine-card\" style=\"background-color: #ffed00;\">\n\t\t\t<h3 class=\"domaine-title\">Domaine de l'informatique\n\t\t\t<\/h3>\n\t\t\t<p class=\"domaine-text\"><br \/>\nNotre domaine forme des professionnels capables d\u2019assurer le bon fonctionnement des \u00e9quipements, de prolonger la vie du mat\u00e9riel num\u00e9rique et de garantir la performance et la s\u00e9curit\u00e9 des r\u00e9seaux.\n\t\t\t<\/p>\n\t\t\t<div class=\"domaine-question\">\n\t\t\t\t<p><strong>Quelles formations vous int\u00e9resseraient ?<\/strong><span class=\"wpcf7-form-control-wrap\" data-name=\"domaine-informatique\"><span class=\"wpcf7-form-control wpcf7-checkbox\"><span class=\"wpcf7-list-item first\"><label><input type=\"checkbox\" name=\"domaine-informatique[]\" value=\"Agent de reconditionnement num\u00e9rique (niveau 3 \u00e9quiv CAP)\" \/><span class=\"wpcf7-list-item-label\">Agent de reconditionnement num\u00e9rique (niveau 3 \u00e9quiv CAP)<\/span><\/label><\/span><span class=\"wpcf7-list-item\"><label><input type=\"checkbox\" name=\"domaine-informatique[]\" value=\"Technicien informatique de proximit\u00e9 (niveau 4 \u00e9quiv Bac)\" \/><span class=\"wpcf7-list-item-label\">Technicien informatique de proximit\u00e9 (niveau 4 \u00e9quiv Bac)<\/span><\/label><\/span><span class=\"wpcf7-list-item last\"><label><input type=\"checkbox\" name=\"domaine-informatique[]\" value=\"Technicien sup\u00e9rieur syst\u00e8mes et r\u00e9seaux (niveau 5 \u00e9quiv Bac+2)\" \/><span class=\"wpcf7-list-item-label\">Technicien sup\u00e9rieur syst\u00e8mes et r\u00e9seaux (niveau 5 \u00e9quiv Bac+2)<\/span><\/label><\/span><\/span><\/span>\n\t\t\t\t<\/p>\n\t\t\t<\/div>\n\t\t<\/div>\n\n\n <!-- DOMAINE 3 -->\n\t\t<div class=\"domaine-card\" style=\"background-color: #d7d9eb;\">\n\t\t\t<h3 class=\"domaine-title\">Domaine du d\u00e9veloppement web\/applications\n\t\t\t<\/h3>\n\t\t\t<p class=\"domaine-text\"><br \/>\nNotre domaine forme des professionnels capables de concevoir, d\u00e9velopper et faire \u00e9voluer des sites web et des applications performantes, adapt\u00e9es aux besoins des utilisateurs et des entreprises.\n\t\t\t<\/p>\n\t\t\t<div class=\"domaine-question\">\n\t\t\t\t<p><strong>Quelles formations vous int\u00e9resseraient ?<\/strong><span class=\"wpcf7-form-control-wrap\" data-name=\"domaine-dev\"><span class=\"wpcf7-form-control wpcf7-checkbox\"><span class=\"wpcf7-list-item first\"><label><input type=\"checkbox\" name=\"domaine-dev[]\" value=\"D\u00e9veloppeur web et web mobile (niveau 5 \u00e9quiv Bac+2)\" \/><span class=\"wpcf7-list-item-label\">D\u00e9veloppeur web et web mobile (niveau 5 \u00e9quiv Bac+2)<\/span><\/label><\/span><span class=\"wpcf7-list-item\"><label><input type=\"checkbox\" name=\"domaine-dev[]\" value=\"Concepteur d\u00e9veloppeur d&#039;applications (niveau 6 \u00e9quiv Bac+3)\" \/><span class=\"wpcf7-list-item-label\">Concepteur d\u00e9veloppeur d&#039;applications (niveau 6 \u00e9quiv Bac+3)<\/span><\/label><\/span><span class=\"wpcf7-list-item last\"><label><input type=\"checkbox\" name=\"domaine-dev[]\" value=\"Concepteur Designer UI (niveau 6 \u00e9quiv Bac+3)\" \/><span class=\"wpcf7-list-item-label\">Concepteur Designer UI (niveau 6 \u00e9quiv Bac+3)<\/span><\/label><\/span><\/span><\/span>\n\t\t\t\t<\/p>\n\t\t\t<\/div>\n\t\t<\/div>\n\t<\/div>\n\t<div class=\"contact-projet-wrapper\">\n\n <!-- TITRE -->\n\t\t<h2 class=\"contact-projet-title\">Dites-nous en plus\n\t\t<\/h2>\n\n <!-- ZONE TEXTE -->\n\t\t<div class=\"contact-projet-field\">\n\t\t\t<p><span class=\"wpcf7-form-control-wrap\" data-name=\"votre-projet\"><textarea cols=\"40\" rows=\"10\" maxlength=\"2000\" class=\"wpcf7-form-control wpcf7-textarea\" aria-invalid=\"false\" placeholder=\"Je souhaite renforcer mon service communication ...\" name=\"votre-projet\"><\/textarea><\/span>\n\t\t\t<\/p>\n\t\t<\/div>\n\n <!-- PARAGRAPHE CATALOGUE -->\n\t\t<div class=\"contact-projet-catalogue\">\n\t\t\t<p> Vous pouvez \u00e9galement profiter de formations personnalis\u00e9es sur les outils num\u00e9riques et logiciels (IA g\u00e9n\u00e9rative, Photoshop, AutoCAD, Revit, SolidWorks, Excel, Word ...) en d\u00e9couvrant l\u2019ensemble de <a href=\"https:\/\/formation-inter-entreprise.arinfo.fr\/inter-intra\" target=\"_blank\">notre catalogue<\/a>.\n\t\t\t<\/p>\n\t\t<\/div>\n\n <!-- INTERLOCUTEURS -->\n\t\t<h3 class=\"contact-interlocuteurs-title\">Vos interlocuteurs\n\t\t<\/h3>\n\t\t<div class=\"contact-interlocuteurs\">\n\t\t\t<p><strong>EPEC :<\/strong> FAFOURNOUX Simon - 01 84 83 07 16 \/ <a href=\"mailto:simon.fafournoux@epec.paris\">simon.fafournoux@epec.paris<\/a>\n\t\t\t<\/p>\n\t\t\t<p><strong>ARINFO :<\/strong> EPAUD Brian - directeur CFA - 07 81 56 82 76 \/ <a href=\"mailto:bepaud@arinfo.fr\">bepaud@arinfo.fr<\/a>\n\t\t\t<\/p>\n\t\t<\/div>\n\t<\/div>\n\t<div class=\"coordonnees-wrapper\">\n <!-- TITRE -->\n\t\t<h3 class=\"coordonnees-title\"><br \/>\nN\u2019h\u00e9sitez pas \u00e0 nous transmettre vos coordonn\u00e9es afin que nous puissions vous recontacter.\n\t\t<\/h3>\n\t\t<div class=\"coordonnees-grid\">\n\n <!-- COLONNE GAUCHE -->\n\t\t\t<div class=\"coordonnees-col\">\n\t\t\t\t<div class=\"coord-field\">\n\t\t\t\t\t<p><label>Nom entreprise <span class=\"wpcf7-form-control-wrap\" data-name=\"nom-entreprise\"><input size=\"40\" maxlength=\"400\" class=\"wpcf7-form-control wpcf7-text input-text\" aria-invalid=\"false\" placeholder=\"Nom entreprise\" value=\"\" type=\"text\" name=\"nom-entreprise\" \/><\/span><\/label>\n\t\t\t\t\t<\/p>\n\t\t\t\t<\/div>\n\t\t\t\t<div class=\"coord-field\">\n\t\t\t\t\t<p><label>Pr\u00e9nom et NOM du signataire<\/label><span class=\"wpcf7-form-control-wrap\" data-name=\"nom-signataire\"><input size=\"40\" maxlength=\"400\" class=\"wpcf7-form-control wpcf7-text input-text\" aria-invalid=\"false\" placeholder=\"Pr\u00e9nom NOM\" value=\"\" type=\"text\" name=\"nom-signataire\" \/><\/span>\n\t\t\t\t\t<\/p>\n\t\t\t\t<\/div>\n\t\t\t\t<div class=\"coord-field\">\n\t\t\t\t\t<p><label>Adresse<\/label><span class=\"wpcf7-form-control-wrap\" data-name=\"adresse\"><input size=\"40\" maxlength=\"400\" class=\"wpcf7-form-control wpcf7-text input-text\" aria-invalid=\"false\" placeholder=\"Adresse\" value=\"\" type=\"text\" name=\"adresse\" \/><\/span>\n\t\t\t\t\t<\/p>\n\t\t\t\t<\/div>\n\t\t\t\t<div class=\"coord-field\">\n\t\t\t\t\t<p><label>Email du signataire<\/label><span class=\"wpcf7-form-control-wrap\" data-name=\"email-signataire\"><input size=\"40\" maxlength=\"400\" class=\"wpcf7-form-control wpcf7-email wpcf7-text wpcf7-validates-as-email input-text\" aria-invalid=\"false\" placeholder=\"Email\" value=\"\" type=\"email\" name=\"email-signataire\" \/><\/span>\n\t\t\t\t\t<\/p>\n\t\t\t\t<\/div>\n\t\t\t<\/div>\n\n <!-- COLONNE DROITE -->\n\t\t\t<div class=\"coordonnees-col\">\n\t\t\t\t<div class=\"coord-field\">\n\t\t\t\t\t<p><label>Siret<\/label><span class=\"wpcf7-form-control-wrap\" data-name=\"siret\"><input size=\"40\" maxlength=\"400\" class=\"wpcf7-form-control wpcf7-text input-text\" aria-invalid=\"false\" placeholder=\"N\u00b0 Siret\" value=\"\" type=\"text\" name=\"siret\" \/><\/span>\n\t\t\t\t\t<\/p>\n\t\t\t\t<\/div>\n\t\t\t\t<div class=\"coord-field\">\n\t\t\t\t\t<p><label>Fonction du signataire<\/label><span class=\"wpcf7-form-control-wrap\" data-name=\"fonction-signataire\"><input size=\"40\" maxlength=\"400\" class=\"wpcf7-form-control wpcf7-text input-text\" aria-invalid=\"false\" placeholder=\"Fonction\" value=\"\" type=\"text\" name=\"fonction-signataire\" \/><\/span>\n\t\t\t\t\t<\/p>\n\t\t\t\t<\/div>\n\t\t\t\t<div class=\"coord-field\">\n\t\t\t\t\t<p><label>Code postal<\/label><span class=\"wpcf7-form-control-wrap\" data-name=\"code-postal\"><input size=\"40\" maxlength=\"400\" class=\"wpcf7-form-control wpcf7-text input-text\" aria-invalid=\"false\" placeholder=\"Code postal\" value=\"\" type=\"text\" name=\"code-postal\" \/><\/span>\n\t\t\t\t\t<\/p>\n\t\t\t\t<\/div>\n\t\t\t\t<div class=\"coord-field\">\n\t\t\t\t\t<p><label>T\u00e9l\u00e9phone du signataire<\/label><span class=\"wpcf7-form-control-wrap\" data-name=\"telephone-signataire\"><input size=\"40\" maxlength=\"400\" class=\"wpcf7-form-control wpcf7-tel wpcf7-text wpcf7-validates-as-tel input-text\" aria-invalid=\"false\" placeholder=\"N\u00b0 t\u00e9l\u00e9phone\" value=\"\" type=\"tel\" name=\"telephone-signataire\" \/><\/span>\n\t\t\t\t\t<\/p>\n\t\t\t\t<\/div>\n\t\t\t<\/div>\n\t\t<\/div>\n\n <!-- SIGNATURE -->\n\t\t<div class=\"coord-field signature-field\">\n\t\t\t<p><label>Signature (attestant le besoin formul\u00e9 ci-dessus)<\/label><span class=\"wpcf7-form-control-wrap\" data-name=\"signature-nom\"><input size=\"40\" maxlength=\"400\" class=\"wpcf7-form-control wpcf7-text wpcf7-validates-as-required\" aria-required=\"true\" aria-invalid=\"false\" placeholder=\"Nom et pr\u00e9nom du signataire\" value=\"\" type=\"text\" name=\"signature-nom\" \/><\/span>\n\t\t\t<\/p>\n\t\t<\/div>\n\t\t<div class=\"form-row form-row--checkbox\">\n\t\t\t<p><label class=\"checkbox-label\"><br \/>\n<span class=\"wpcf7-form-control-wrap\" data-name=\"declaration_honneur\"><span class=\"wpcf7-form-control wpcf7-checkbox wpcf7-validates-as-required\"><span class=\"wpcf7-list-item first last\"><label><input type=\"checkbox\" name=\"declaration_honneur[]\" value=\"En signant, je confirme sur l&#039;honneur \u00eatre la personne ayant r\u00e9pondu au questionnaire.\" \/><span class=\"wpcf7-list-item-label\">En signant, je confirme sur l&#039;honneur \u00eatre la personne ayant r\u00e9pondu au questionnaire.<\/span><\/label><\/span><\/span><\/span><br \/>\n<\/label>\n\t\t\t<\/p>\n\t\t<\/div>\n\t\t<p><input class=\"wpcf7-form-control wpcf7-submit has-spinner\" type=\"submit\" value=\"Envoyer\" \/>\n\t\t<\/p>\n\t<\/div>\n<\/div><div class=\"wpcf7-response-output\" aria-hidden=\"true\"><\/div>\n<\/form>\n<\/div>\n<\/div>\n            <\/div>\t\t\t\t<\/div>\n\t\t\t\t<div class=\"elementor-element elementor-element-9dbce8e elementor-widget elementor-widget-text-editor\" data-id=\"9dbce8e\" data-element_type=\"widget\" data-e-type=\"widget\" data-widget_type=\"text-editor.default\">\n\t\t\t\t\t\t\t\t\t<p>Les donn\u00e9es recueillies par ce formulaire ont pour unique but de mener l\u2019\u00e9tude d\u2019identification des besoins en recrutement afin de vous recontacter, et ne seront pas r\u00e9utilis\u00e9es dans un autre cadre.<\/p>\t\t\t\t\t\t\t\t<\/div>\n\t\t\t\t<div class=\"elementor-element elementor-element-38a0999 elementor-widget elementor-widget-text-editor\" data-id=\"38a0999\" data-element_type=\"widget\" data-e-type=\"widget\" data-widget_type=\"text-editor.default\">\n\t\t\t\t\t\t\t\t\t<p>Fait le 27\/02\/2026<\/p><p>Merci infiniment pour votre contribution<\/p>\t\t\t\t\t\t\t\t<\/div>\n\t\t\t\t<div class=\"elementor-element elementor-element-56fb495 elementor-widget elementor-widget-image\" data-id=\"56fb495\" data-element_type=\"widget\" data-e-type=\"widget\" data-widget_type=\"image.default\">\n\t\t\t\t\t\t\t\t\t\t\t\t\t\t\t<img decoding=\"async\" width=\"150\" height=\"150\" src=\"https:\/\/sondages.arinfo.fr\/wp-content\/uploads\/2026\/02\/Motif-2-RVB-PPT-8-150x150.png\" class=\"attachment-thumbnail size-thumbnail wp-image-404\" alt=\"arinfo-pattern\" srcset=\"https:\/\/sondages.arinfo.fr\/wp-content\/uploads\/2026\/02\/Motif-2-RVB-PPT-8-150x150.png 150w, https:\/\/sondages.arinfo.fr\/wp-content\/uploads\/2026\/02\/Motif-2-RVB-PPT-8-300x300.png 300w, https:\/\/sondages.arinfo.fr\/wp-content\/uploads\/2026\/02\/Motif-2-RVB-PPT-8.png 524w\" sizes=\"(max-width: 150px) 100vw, 150px\" \/>\t\t\t\t\t\t\t\t\t\t\t\t\t\t\t<\/div>\n\t\t\t\t<\/div>\n\t\t\t\t<\/div>\n\t\t\t\t<\/div>\n\t\t","protected":false},"excerpt":{"rendered":"<p>X Manifestation d&rsquo;int\u00e9r\u00eat Bonjour, Dans le cadre du renouvellement de notre partenariat avec l\u2019EPEC, Arinfo poursuit son engagement en faveur [&hellip;]<\/p>\n","protected":false},"author":1,"featured_media":0,"parent":0,"menu_order":0,"comment_status":"closed","ping_status":"closed","template":"","meta":{"site-sidebar-layout":"no-sidebar","site-content-layout":"","ast-site-content-layout":"full-width-container","site-content-style":"default","site-sidebar-style":"default","ast-global-header-display":"","ast-banner-title-visibility":"","ast-main-header-display":"","ast-hfb-above-header-display":"","ast-hfb-below-header-display":"","ast-hfb-mobile-header-display":"","site-post-title":"disabled","ast-breadcrumbs-content":"","ast-featured-img":"disabled","footer-sml-layout":"","ast-disable-related-posts":"","theme-transparent-header-meta":"","adv-header-id-meta":"","stick-header-meta":"","header-above-stick-meta":"","header-main-stick-meta":"","header-below-stick-meta":"","astra-migrate-meta-layouts":"default","ast-page-background-enabled":"default","ast-page-background-meta":{"desktop":{"background-color":"var(--ast-global-color-5)","background-image":"","background-repeat":"repeat","background-position":"center center","background-size":"auto","background-attachment":"scroll","background-type":"","background-media":"","overlay-type":"","overlay-color":"","overlay-opacity":"","overlay-gradient":""},"tablet":{"background-color":"","background-image":"","background-repeat":"repeat","background-position":"center center","background-size":"auto","background-attachment":"scroll","background-type":"","background-media":"","overlay-type":"","overlay-color":"","overlay-opacity":"","overlay-gradient":""},"mobile":{"background-color":"","background-image":"","background-repeat":"repeat","background-position":"center center","background-size":"auto","background-attachment":"scroll","background-type":"","background-media":"","overlay-type":"","overlay-color":"","overlay-opacity":"","overlay-gradient":""}},"ast-content-background-meta":{"desktop":{"background-color":"var(--ast-global-color-4)","background-image":"","background-repeat":"repeat","background-position":"center center","background-size":"auto","background-attachment":"scroll","background-type":"","background-media":"","overlay-type":"","overlay-color":"","overlay-opacity":"","overlay-gradient":""},"tablet":{"background-color":"var(--ast-global-color-4)","background-image":"","background-repeat":"repeat","background-position":"center center","background-size":"auto","background-attachment":"scroll","background-type":"","background-media":"","overlay-type":"","overlay-color":"","overlay-opacity":"","overlay-gradient":""},"mobile":{"background-color":"var(--ast-global-color-4)","background-image":"","background-repeat":"repeat","background-position":"center center","background-size":"auto","background-attachment":"scroll","background-type":"","background-media":"","overlay-type":"","overlay-color":"","overlay-opacity":"","overlay-gradient":""}},"footnotes":""},"class_list":["post-11","page","type-page","status-publish","hentry"],"_links":{"self":[{"href":"https:\/\/sondages.arinfo.fr\/index.php?rest_route=\/wp\/v2\/pages\/11","targetHints":{"allow":["GET"]}}],"collection":[{"href":"https:\/\/sondages.arinfo.fr\/index.php?rest_route=\/wp\/v2\/pages"}],"about":[{"href":"https:\/\/sondages.arinfo.fr\/index.php?rest_route=\/wp\/v2\/types\/page"}],"author":[{"embeddable":true,"href":"https:\/\/sondages.arinfo.fr\/index.php?rest_route=\/wp\/v2\/users\/1"}],"replies":[{"embeddable":true,"href":"https:\/\/sondages.arinfo.fr\/index.php?rest_route=%2Fwp%2Fv2%2Fcomments&post=11"}],"version-history":[{"count":190,"href":"https:\/\/sondages.arinfo.fr\/index.php?rest_route=\/wp\/v2\/pages\/11\/revisions"}],"predecessor-version":[{"id":459,"href":"https:\/\/sondages.arinfo.fr\/index.php?rest_route=\/wp\/v2\/pages\/11\/revisions\/459"}],"wp:attachment":[{"href":"https:\/\/sondages.arinfo.fr\/index.php?rest_route=%2Fwp%2Fv2%2Fmedia&parent=11"}],"curies":[{"name":"wp","href":"https:\/\/api.w.org\/{rel}","templated":true}]}}